{"id":9957,"date":"2024-03-27T12:49:29","date_gmt":"2024-03-27T09:49:29","guid":{"rendered":"https:\/\/www.fikrialem.com.tr\/cerez-politikasi\/"},"modified":"2024-07-24T17:49:50","modified_gmt":"2024-07-24T14:49:50","slug":"cerez-politikasi","status":"publish","type":"page","link":"https:\/\/www.fikrialem.com.tr\/tr\/cerez-politikasi\/","title":{"rendered":"\u00c7erez Politikas\u0131"},"content":{"rendered":"<section class=\"l-section wpb_row height_custom\"><div class=\"l-section-h i-cf\"><div class=\"g-cols vc_row via_grid cols_1 laptops-cols_inherit tablets-cols_inherit mobiles-cols_1 valign_top type_default stacking_default\"><div class=\"wpb_column vc_column_container\"><div class=\"vc_column-inner\"><div class=\"wpb_text_column\"><div class=\"wpb_wrapper\"><h2><strong>\u00c7erez Politikas\u0131<\/strong><\/h2>\n<p>Bu web sitesi, web sitesinde gezinirken deneyiminizi geli\u015ftirmek i\u00e7in \u00e7erezler kullan\u0131r. Bunlardan gerekli olarak kategorize edilen \u00e7erezler, web sitesinin temel i\u015flevlerinin \u00e7al\u0131\u015fmas\u0131 i\u00e7in gerekli olduklar\u0131ndan taray\u0131c\u0131n\u0131zda saklan\u0131r. Ayr\u0131ca, bu web sitesini nas\u0131l kulland\u0131\u011f\u0131n\u0131z\u0131 analiz etmemize ve anlamam\u0131za yard\u0131mc\u0131 olan \u00fc\u00e7\u00fcnc\u00fc taraf \u00e7erezleri de kullan\u0131yoruz. Bu \u00e7erezler taray\u0131c\u0131n\u0131zda yaln\u0131zca sizin izninizle saklanacakt\u0131r. Bu \u00e7erezleri devre d\u0131\u015f\u0131 b\u0131rakma se\u00e7ene\u011finiz de vard\u0131r. Ancak bu \u00e7erezlerden baz\u0131lar\u0131n\u0131 devre d\u0131\u015f\u0131 b\u0131rakmak tarama deneyiminizi etkileyebilir.<\/p>\n<\/div><\/div><\/div><\/div><\/div><\/div><\/section>\n","protected":false},"excerpt":{"rendered":"\u00c7erez Politikas\u0131 Bu web sitesi, web sitesinde gezinirken deneyiminizi geli\u015ftirmek i\u00e7in \u00e7erezler kullan\u0131r. Bunlardan gerekli olarak kategorize edilen \u00e7erezler, web sitesinin temel i\u015flevlerinin \u00e7al\u0131\u015fmas\u0131 i\u00e7in gerekli olduklar\u0131ndan taray\u0131c\u0131n\u0131zda saklan\u0131r. Ayr\u0131ca, bu web sitesini nas\u0131l kulland\u0131\u011f\u0131n\u0131z\u0131 analiz etmemize ve anlamam\u0131za yard\u0131mc\u0131 olan \u00fc\u00e7\u00fcnc\u00fc taraf \u00e7erezleri de kullan\u0131yoruz. Bu \u00e7erezler taray\u0131c\u0131n\u0131zda yaln\u0131zca sizin izninizle saklanacakt\u0131r. Bu \u00e7erezleri...","protected":false},"author":1,"featured_media":0,"parent":0,"menu_order":0,"comment_status":"closed","ping_status":"closed","template":"","meta":{"_acf_changed":false,"footnotes":""},"class_list":["post-9957","page","type-page","status-publish","hentry"],"acf":[],"_links":{"self":[{"href":"https:\/\/www.fikrialem.com.tr\/tr\/wp-json\/wp\/v2\/pages\/9957","targetHints":{"allow":["GET"]}}],"collection":[{"href":"https:\/\/www.fikrialem.com.tr\/tr\/wp-json\/wp\/v2\/pages"}],"about":[{"href":"https:\/\/www.fikrialem.com.tr\/tr\/wp-json\/wp\/v2\/types\/page"}],"author":[{"embeddable":true,"href":"https:\/\/www.fikrialem.com.tr\/tr\/wp-json\/wp\/v2\/users\/1"}],"replies":[{"embeddable":true,"href":"https:\/\/www.fikrialem.com.tr\/tr\/wp-json\/wp\/v2\/comments?post=9957"}],"version-history":[{"count":1,"href":"https:\/\/www.fikrialem.com.tr\/tr\/wp-json\/wp\/v2\/pages\/9957\/revisions"}],"predecessor-version":[{"id":9960,"href":"https:\/\/www.fikrialem.com.tr\/tr\/wp-json\/wp\/v2\/pages\/9957\/revisions\/9960"}],"wp:attachment":[{"href":"https:\/\/www.fikrialem.com.tr\/tr\/wp-json\/wp\/v2\/media?parent=9957"}],"curies":[{"name":"wp","href":"https:\/\/api.w.org\/{rel}","templated":true}]}}